{"id":1700,"date":"2015-02-16T18:17:00","date_gmt":"2015-02-16T18:17:00","guid":{"rendered":"https:\/\/www.visituffizi.org\/?page_id=1700"},"modified":"2015-03-20T18:54:29","modified_gmt":"2015-03-20T18:54:29","slug":"sala-35-miguel-angel-y-los-florentinos","status":"publish","type":"page","link":"https:\/\/www.visituffizi.org\/es\/las-salas\/sala-35-miguel-angel-y-los-florentinos\/","title":{"rendered":"Sala 35 &#8211; Miguel \u00c1ngel y los Florentinos"},"content":{"rendered":"ngg_shortcode_0_placeholder\n<h1>Sala 35 &#8211; Miguel \u00c1ngel y los Florentinos<\/h1>\n<p><img decoding=\"async\" class=\"aligncenter size-large wp-image-1248\" src=\"https:\/\/www.visituffizi.org\/wp-content\/uploads\/2011\/05\/sala35-01-600x398.jpg\" alt=\"New Hall 35\" width=\"558\" height=\"370\" srcset=\"https:\/\/www.visituffizi.org\/wp-content\/uploads\/2011\/05\/sala35-01-600x398.jpg 600w, https:\/\/www.visituffizi.org\/wp-content\/uploads\/2011\/05\/sala35-01-180x120.jpg 180w, https:\/\/www.visituffizi.org\/wp-content\/uploads\/2011\/05\/sala35-01-300x199.jpg 300w, https:\/\/www.visituffizi.org\/wp-content\/uploads\/2011\/05\/sala35-01-100x66.jpg 100w, https:\/\/www.visituffizi.org\/wp-content\/uploads\/2011\/05\/sala35-01-224x149.jpg 224w, https:\/\/www.visituffizi.org\/wp-content\/uploads\/2011\/05\/sala35-01.jpg 980w\" sizes=\"(max-width: 558px) 100vw, 558px\" \/><\/p>\n<p>Visitando la nueva sala\u00a0(abierta en Enero 2013),\u00a0se podr\u00e1 seguir la evoluci\u00f3n del arte figurativo a partir\u00a0de la \u00e9poca definida como\u00a0\u201cRenacimiento Maduro\u201d\u00a0hasta llegar a su evoluci\u00f3n final, el \u201cManierismo\u201d.<\/p>\n<p>No es casualidad que este recorrido comience con una obra important\u00edsima por la cual esta sala es famosa: el as\u00ed dicho <a href=\"https:\/\/www.visituffizi.org\/es\/obras-de-arte\/el-tondo-doni-de-miguel-angel\/\">Tondo Doni<\/a> o Sagrada Familia con San Juan Bautista (1506-1508 aprox.) de <strong>Miguel \u00c1ngel<\/strong>. Es la \u00fanica <span style=\"text-decoration: underline;\"><strong>pintura<\/strong><\/span>\u00a0que queda\u00a0en Florencia,\u00a0y\u00a0la \u00fanica atribuida con certeza\u00a0al gran artista que se puede mover (es decir que no est\u00e1 pintada en\u00a0un muro).<\/p>\n<p><img decoding=\"async\" class=\"aligncenter size-large wp-image-1249\" src=\"https:\/\/www.visituffizi.org\/wp-content\/uploads\/2011\/05\/sala35-02-600x398.jpg\" alt=\"sala35-02\" width=\"558\" height=\"370\" srcset=\"https:\/\/www.visituffizi.org\/wp-content\/uploads\/2011\/05\/sala35-02-600x398.jpg 600w, https:\/\/www.visituffizi.org\/wp-content\/uploads\/2011\/05\/sala35-02-180x120.jpg 180w, https:\/\/www.visituffizi.org\/wp-content\/uploads\/2011\/05\/sala35-02-300x199.jpg 300w, https:\/\/www.visituffizi.org\/wp-content\/uploads\/2011\/05\/sala35-02-100x66.jpg 100w, https:\/\/www.visituffizi.org\/wp-content\/uploads\/2011\/05\/sala35-02-224x149.jpg 224w, https:\/\/www.visituffizi.org\/wp-content\/uploads\/2011\/05\/sala35-02.jpg 980w\" sizes=\"(max-width: 558px) 100vw, 558px\" \/><\/p>\n<p>La obra influy\u00f3 en\u00a0generaciones de artistas debido a su novedad. En primer lugar la ubicaci\u00f3n \u201cserpentina\u201d (posici\u00f3n de espiral) la <strong>composici\u00f3n<\/strong> de los cuerpos de Mar\u00eda, Jos\u00e9 y el Ni\u00f1o. En segundo lugar\u00a0los <strong>colores brillantes\u00a0e irreales <\/strong>de las ropas, as\u00ed como la desnudez de las figuras en el fondo, que\u00a0son casi una citaci\u00f3n\u00a0al Grupo escult\u00f3rico Laocoonte, descubierto\u00a0en Roma en aquello a\u00f1os en presencia del propio Miguel \u00c1ngel.<\/p>\n<p>El significado de\u00a0\u00e9sta obra maestra est\u00e1 seguramente vinculado\u00a0a algunos pasajes b\u00edblicos sobre el bautismo como un s\u00edmbolo de Cristianismo en oposici\u00f3n al Paganismo (de ah\u00ed las figuras desnudas detr\u00e1s de la Sagrada Familia).<\/p>\n<p><img decoding=\"async\" class=\"aligncenter size-large wp-image-1250\" src=\"https:\/\/www.visituffizi.org\/wp-content\/uploads\/2011\/05\/sala35-03-533x400.jpg\" alt=\"sala35-03\" width=\"533\" height=\"400\" srcset=\"https:\/\/www.visituffizi.org\/wp-content\/uploads\/2011\/05\/sala35-03-533x400.jpg 533w, https:\/\/www.visituffizi.org\/wp-content\/uploads\/2011\/05\/sala35-03-300x225.jpg 300w, https:\/\/www.visituffizi.org\/wp-content\/uploads\/2011\/05\/sala35-03-100x75.jpg 100w, https:\/\/www.visituffizi.org\/wp-content\/uploads\/2011\/05\/sala35-03-198x149.jpg 198w, https:\/\/www.visituffizi.org\/wp-content\/uploads\/2011\/05\/sala35-03.jpg 980w\" sizes=\"(max-width: 533px) 100vw, 533px\" \/><\/p>\n<p>Miguel \u00c1ngel, Leonardo y Rafael fueron inspiraci\u00f3n del movimiento art\u00edstico llamado Manierismo, despu\u00e9s de la palabra \u201cmanera\u201d (palabra antigua para \u201cestilo\u201d). Inspirado\u00a0 por el estilo de estos grandes artistas, los pintores comenzaron a preferir los\u00a0<strong>colores brillantes<\/strong> y<strong>\u00a0posiciones forzadas, innaturales<\/strong>, alej\u00e1ndose gradualmente e inexorablemente de la simplicidad racional\u00a0de la pintura Renacentista.<\/p>\n<p>La nueva sala tambi\u00e9n contiene trabajos de Andrea de Sarto, Franciabigio, Francesco Granacci, Fra Bartolomeo y Alonso Berruguete, por nombrar solo algunos as\u00ed como tambi\u00e9n la Arianna Dormida (L\u2019Arianna Medicea en italiano)\u00a0 en el\u00a0 centro de la sala, una escultura Romana que data del siglo II a.C.<\/p>\n","protected":false},"excerpt":{"rendered":"<p>En esta sala podemos ver El Tondo Doni una obra que influy\u00f3 en generaciones de artistas debido a su novedad.<\/p>\n","protected":false},"author":6,"featured_media":1110,"parent":1686,"menu_order":65,"comment_status":"open","ping_status":"closed","template":"","meta":{"ngg_post_thumbnail":0,"footnotes":""},"class_list":["post-1700","page","type-page","status-publish","has-post-thumbnail","hentry"],"yoast_head":"<!-- This site is optimized with the Yoast SEO plugin v27.5 - https:\/\/yoast.com\/product\/yoast-seo-wordpress\/ -->\n<title>Sala 35 Galer\u00eda Uffizi: la nueva sala de Miguel \u00c1ngel<\/title>\n<meta name=\"description\" content=\"En esta sala se puede ver la evoluci\u00f3n del Renacimiento Maduro al Manerismo, el Tondo Doni de Miguel \u00c1ngel es la atraccion principal.\" \/>\n<meta name=\"robots\" content=\"index, follow, max-snippet:-1, max-image-preview:large, max-video-preview:-1\" \/>\n<link rel=\"canonical\" href=\"https:\/\/www.visituffizi.org\/es\/las-salas\/sala-35-miguel-angel-y-los-florentinos\/\" \/>\n<meta property=\"og:locale\" content=\"es_ES\" \/>\n<meta property=\"og:type\" content=\"article\" \/>\n<meta property=\"og:title\" content=\"Sala 35 Galer\u00eda Uffizi: la nueva sala de Miguel \u00c1ngel\" \/>\n<meta property=\"og:description\" content=\"En esta sala se puede ver la evoluci\u00f3n del Renacimiento Maduro al Manerismo, el Tondo Doni de Miguel \u00c1ngel es la atraccion principal.\" \/>\n<meta property=\"og:url\" content=\"https:\/\/www.visituffizi.org\/es\/las-salas\/sala-35-miguel-angel-y-los-florentinos\/\" \/>\n<meta property=\"og:site_name\" content=\"Visit Uffizi\" \/>\n<meta property=\"article:modified_time\" content=\"2015-03-20T18:54:29+00:00\" \/>\n<meta property=\"og:image\" content=\"https:\/\/www.visituffizi.org\/wp-content\/uploads\/2013\/03\/377718_463763123688817_1565186258_n.jpg\" \/>\n\t<meta property=\"og:image:width\" content=\"960\" \/>\n\t<meta property=\"og:image:height\" content=\"641\" \/>\n\t<meta property=\"og:image:type\" content=\"image\/jpeg\" \/>\n<meta name=\"twitter:label1\" content=\"Tiempo de lectura\" \/>\n\t<meta name=\"twitter:data1\" content=\"2 minutos\" \/>\n<script type=\"application\/ld+json\" class=\"yoast-schema-graph\">{\"@context\":\"https:\\\/\\\/schema.org\",\"@graph\":[{\"@type\":\"WebPage\",\"@id\":\"https:\\\/\\\/www.visituffizi.org\\\/es\\\/las-salas\\\/sala-35-miguel-angel-y-los-florentinos\\\/\",\"url\":\"https:\\\/\\\/www.visituffizi.org\\\/es\\\/las-salas\\\/sala-35-miguel-angel-y-los-florentinos\\\/\",\"name\":\"Sala 35 Galer\u00eda Uffizi: la nueva sala de Miguel \u00c1ngel\",\"isPartOf\":{\"@id\":\"https:\\\/\\\/www.visituffizi.org\\\/it\\\/#website\"},\"primaryImageOfPage\":{\"@id\":\"https:\\\/\\\/www.visituffizi.org\\\/es\\\/las-salas\\\/sala-35-miguel-angel-y-los-florentinos\\\/#primaryimage\"},\"image\":{\"@id\":\"https:\\\/\\\/www.visituffizi.org\\\/es\\\/las-salas\\\/sala-35-miguel-angel-y-los-florentinos\\\/#primaryimage\"},\"thumbnailUrl\":\"https:\\\/\\\/www.visituffizi.org\\\/wp-content\\\/uploads\\\/2013\\\/03\\\/377718_463763123688817_1565186258_n.jpg\",\"datePublished\":\"2015-02-16T18:17:00+00:00\",\"dateModified\":\"2015-03-20T18:54:29+00:00\",\"description\":\"En esta sala se puede ver la evoluci\u00f3n del Renacimiento Maduro al Manerismo, el Tondo Doni de Miguel \u00c1ngel es la atraccion principal.\",\"breadcrumb\":{\"@id\":\"https:\\\/\\\/www.visituffizi.org\\\/es\\\/las-salas\\\/sala-35-miguel-angel-y-los-florentinos\\\/#breadcrumb\"},\"inLanguage\":\"es\",\"potentialAction\":[{\"@type\":\"ReadAction\",\"target\":[\"https:\\\/\\\/www.visituffizi.org\\\/es\\\/las-salas\\\/sala-35-miguel-angel-y-los-florentinos\\\/\"]}]},{\"@type\":\"ImageObject\",\"inLanguage\":\"es\",\"@id\":\"https:\\\/\\\/www.visituffizi.org\\\/es\\\/las-salas\\\/sala-35-miguel-angel-y-los-florentinos\\\/#primaryimage\",\"url\":\"https:\\\/\\\/www.visituffizi.org\\\/wp-content\\\/uploads\\\/2013\\\/03\\\/377718_463763123688817_1565186258_n.jpg\",\"contentUrl\":\"https:\\\/\\\/www.visituffizi.org\\\/wp-content\\\/uploads\\\/2013\\\/03\\\/377718_463763123688817_1565186258_n.jpg\",\"width\":960,\"height\":641,\"caption\":\"New Michelangelo Hall 35\"},{\"@type\":\"BreadcrumbList\",\"@id\":\"https:\\\/\\\/www.visituffizi.org\\\/es\\\/las-salas\\\/sala-35-miguel-angel-y-los-florentinos\\\/#breadcrumb\",\"itemListElement\":[{\"@type\":\"ListItem\",\"position\":1,\"name\":\"Home\",\"item\":\"https:\\\/\\\/www.visituffizi.org\\\/es\\\/\"},{\"@type\":\"ListItem\",\"position\":2,\"name\":\"Las Salas\",\"item\":\"https:\\\/\\\/www.visituffizi.org\\\/es\\\/las-salas\\\/\"},{\"@type\":\"ListItem\",\"position\":3,\"name\":\"Sala 35 &#8211; Miguel \u00c1ngel y los Florentinos\"}]},{\"@type\":\"WebSite\",\"@id\":\"https:\\\/\\\/www.visituffizi.org\\\/it\\\/#website\",\"url\":\"https:\\\/\\\/www.visituffizi.org\\\/it\\\/\",\"name\":\"Visit Uffizi\",\"description\":\"Guide to Uffizi Museum in Florence\",\"potentialAction\":[{\"@type\":\"SearchAction\",\"target\":{\"@type\":\"EntryPoint\",\"urlTemplate\":\"https:\\\/\\\/www.visituffizi.org\\\/it\\\/?s={search_term_string}\"},\"query-input\":{\"@type\":\"PropertyValueSpecification\",\"valueRequired\":true,\"valueName\":\"search_term_string\"}}],\"inLanguage\":\"es\"}]}<\/script>\n<!-- \/ Yoast SEO plugin. -->","yoast_head_json":{"title":"Sala 35 Galer\u00eda Uffizi: la nueva sala de Miguel \u00c1ngel","description":"En esta sala se puede ver la evoluci\u00f3n del Renacimiento Maduro al Manerismo, el Tondo Doni de Miguel \u00c1ngel es la atraccion principal.","robots":{"index":"index","follow":"follow","max-snippet":"max-snippet:-1","max-image-preview":"max-image-preview:large","max-video-preview":"max-video-preview:-1"},"canonical":"https:\/\/www.visituffizi.org\/es\/las-salas\/sala-35-miguel-angel-y-los-florentinos\/","og_locale":"es_ES","og_type":"article","og_title":"Sala 35 Galer\u00eda Uffizi: la nueva sala de Miguel \u00c1ngel","og_description":"En esta sala se puede ver la evoluci\u00f3n del Renacimiento Maduro al Manerismo, el Tondo Doni de Miguel \u00c1ngel es la atraccion principal.","og_url":"https:\/\/www.visituffizi.org\/es\/las-salas\/sala-35-miguel-angel-y-los-florentinos\/","og_site_name":"Visit Uffizi","article_modified_time":"2015-03-20T18:54:29+00:00","og_image":[{"width":960,"height":641,"url":"https:\/\/www.visituffizi.org\/wp-content\/uploads\/2013\/03\/377718_463763123688817_1565186258_n.jpg","type":"image\/jpeg"}],"twitter_misc":{"Tiempo de lectura":"2 minutos"},"schema":{"@context":"https:\/\/schema.org","@graph":[{"@type":"WebPage","@id":"https:\/\/www.visituffizi.org\/es\/las-salas\/sala-35-miguel-angel-y-los-florentinos\/","url":"https:\/\/www.visituffizi.org\/es\/las-salas\/sala-35-miguel-angel-y-los-florentinos\/","name":"Sala 35 Galer\u00eda Uffizi: la nueva sala de Miguel \u00c1ngel","isPartOf":{"@id":"https:\/\/www.visituffizi.org\/it\/#website"},"primaryImageOfPage":{"@id":"https:\/\/www.visituffizi.org\/es\/las-salas\/sala-35-miguel-angel-y-los-florentinos\/#primaryimage"},"image":{"@id":"https:\/\/www.visituffizi.org\/es\/las-salas\/sala-35-miguel-angel-y-los-florentinos\/#primaryimage"},"thumbnailUrl":"https:\/\/www.visituffizi.org\/wp-content\/uploads\/2013\/03\/377718_463763123688817_1565186258_n.jpg","datePublished":"2015-02-16T18:17:00+00:00","dateModified":"2015-03-20T18:54:29+00:00","description":"En esta sala se puede ver la evoluci\u00f3n del Renacimiento Maduro al Manerismo, el Tondo Doni de Miguel \u00c1ngel es la atraccion principal.","breadcrumb":{"@id":"https:\/\/www.visituffizi.org\/es\/las-salas\/sala-35-miguel-angel-y-los-florentinos\/#breadcrumb"},"inLanguage":"es","potentialAction":[{"@type":"ReadAction","target":["https:\/\/www.visituffizi.org\/es\/las-salas\/sala-35-miguel-angel-y-los-florentinos\/"]}]},{"@type":"ImageObject","inLanguage":"es","@id":"https:\/\/www.visituffizi.org\/es\/las-salas\/sala-35-miguel-angel-y-los-florentinos\/#primaryimage","url":"https:\/\/www.visituffizi.org\/wp-content\/uploads\/2013\/03\/377718_463763123688817_1565186258_n.jpg","contentUrl":"https:\/\/www.visituffizi.org\/wp-content\/uploads\/2013\/03\/377718_463763123688817_1565186258_n.jpg","width":960,"height":641,"caption":"New Michelangelo Hall 35"},{"@type":"BreadcrumbList","@id":"https:\/\/www.visituffizi.org\/es\/las-salas\/sala-35-miguel-angel-y-los-florentinos\/#breadcrumb","itemListElement":[{"@type":"ListItem","position":1,"name":"Home","item":"https:\/\/www.visituffizi.org\/es\/"},{"@type":"ListItem","position":2,"name":"Las Salas","item":"https:\/\/www.visituffizi.org\/es\/las-salas\/"},{"@type":"ListItem","position":3,"name":"Sala 35 &#8211; Miguel \u00c1ngel y los Florentinos"}]},{"@type":"WebSite","@id":"https:\/\/www.visituffizi.org\/it\/#website","url":"https:\/\/www.visituffizi.org\/it\/","name":"Visit Uffizi","description":"Guide to Uffizi Museum in Florence","potentialAction":[{"@type":"SearchAction","target":{"@type":"EntryPoint","urlTemplate":"https:\/\/www.visituffizi.org\/it\/?s={search_term_string}"},"query-input":{"@type":"PropertyValueSpecification","valueRequired":true,"valueName":"search_term_string"}}],"inLanguage":"es"}]}},"_links":{"self":[{"href":"https:\/\/www.visituffizi.org\/es\/wp-json\/wp\/v2\/pages\/1700","targetHints":{"allow":["GET"]}}],"collection":[{"href":"https:\/\/www.visituffizi.org\/es\/wp-json\/wp\/v2\/pages"}],"about":[{"href":"https:\/\/www.visituffizi.org\/es\/wp-json\/wp\/v2\/types\/page"}],"author":[{"embeddable":true,"href":"https:\/\/www.visituffizi.org\/es\/wp-json\/wp\/v2\/users\/6"}],"replies":[{"embeddable":true,"href":"https:\/\/www.visituffizi.org\/es\/wp-json\/wp\/v2\/comments?post=1700"}],"version-history":[{"count":0,"href":"https:\/\/www.visituffizi.org\/es\/wp-json\/wp\/v2\/pages\/1700\/revisions"}],"up":[{"embeddable":true,"href":"https:\/\/www.visituffizi.org\/es\/wp-json\/wp\/v2\/pages\/1686"}],"wp:featuredmedia":[{"embeddable":true,"href":"https:\/\/www.visituffizi.org\/es\/wp-json\/wp\/v2\/media\/1110"}],"wp:attachment":[{"href":"https:\/\/www.visituffizi.org\/es\/wp-json\/wp\/v2\/media?parent=1700"}],"curies":[{"name":"wp","href":"https:\/\/api.w.org\/{rel}","templated":true}]}}